{"id":199,"date":"2018-02-20T17:45:31","date_gmt":"2018-02-20T16:45:31","guid":{"rendered":"http:\/\/nspbr.sk\/web\/?page_id=199"},"modified":"2025-01-09T07:40:04","modified_gmt":"2025-01-09T06:40:04","slug":"psychologicka-ambulancia","status":"publish","type":"page","link":"https:\/\/www.nspbr.sk\/web\/ambulancie\/psychologicka-ambulancia\/","title":{"rendered":"Psychologick\u00e1 ambulancia"},"content":{"rendered":"\n<h2 class=\"wp-block-heading\">Klinick\u00fd psychol\u00f3g: <strong>Mgr. Jana Messerschmidtov\u00e1, PhDr. Renata Melicher\u00edkov\u00e1<\/strong><br>Telef\u00f3n: <strong>048\/ 2820 370, objedn\u00e1vanie <\/strong>048\/2820 110<\/h2>\n\n\n\n<p><strong>Pozn: Inform\u00e1cie\/recepcia pre ambulancie 048\/2820 110 je dostupn\u00e1 v be\u017enom pracovnom \u010dase od 7:00 do 15:00<\/strong>. <a href=\"https:\/\/www.nspbr.sk\/web\/elektronicke-objednavanie\/\" target=\"_blank\" rel=\"noreferrer noopener\">Pre\u010d\u00edtajte si viac o elektronickom objednan\u00ed<\/a><\/p>\n\n\n\n<p>Miesto: pr\u00edzemie detskej \u010dasti polikliniky<\/p>\n\n\n\n<p>Ordina\u010dn\u00e9 hodiny:<\/p>\n\n\n\n<figure class=\"wp-block-table\"><table><tbody><tr><th>&nbsp;<\/th><th>predpoludn\u00edm<\/th><th>prest\u00e1vka<\/th><th>popoludn\u00ed<\/th><\/tr><tr><th>Pondelok<\/th><td>7:30 &#8211; 12:00<\/td><td>12:00 &#8211; 12:30<\/td><td>12:30 &#8211; 15:30<\/td><\/tr><tr><th>Utorok<\/th><td>7:30 &#8211; 12:00<\/td><td>12:00 &#8211; 12:30<\/td><td>12:30 &#8211; 15:30<\/td><\/tr><tr><th>Streda<\/th><td>7:30 &#8211; 12:00<\/td><td>12:00 &#8211; 12:30<\/td><td>12:30 &#8211; 15:30<\/td><\/tr><tr><th>\u0160tvrtok<\/th><td>7:30 &#8211; 12:00<\/td><td>12:00 &#8211; 12:30<\/td><td>12:30 &#8211; 15:30<\/td><\/tr><tr><th>Piatok<\/th><td>7:30 &#8211; 12:00<\/td><td>12:00 &#8211; 12:30<\/td><td>12:30 &#8211; 15:30<\/td><\/tr><\/tbody><\/table><\/figure>\n\n\n\n<p>Pozn.:<\/p>\n\n\n\n<p>Pacienti s\u00fa vybavovan\u00ed len na objednan\u00e9 term\u00edny, na term\u00edny je potrebn\u00e9 sa objedna\u0165 osobne alebo telefonicky.<\/p>\n\n\n\n<p>Poistenci <strong>Union zdravotnej pois\u0165ovne, a.s.<\/strong> s\u00fa prednostne vybaven\u00ed na vy\u0161etrenie v stredu v \u010dase od 14:30 do 15:30 hod.<\/p>\n\n\n\n<p>V pondelok a utorok ordinuje PhDr. Melicher\u00edkov\u00e1, v stredu a\u017e piatok Mgr. Messerschmidtov\u00e1<\/p>\n\n\n\n<p>Zmluvn\u00e9 vz\u0165ahy:<\/p>\n\n\n\n<figure class=\"wp-block-gallery aligncenter has-nested-images columns-default wp-block-gallery-1 is-layout-flex wp-block-gallery-is-layout-flex\">\n<figure class=\"wp-block-image size-large is-style-default\"><img loading=\"lazy\" decoding=\"async\" width=\"1024\" height=\"362\" data-id=\"6972\" src=\"https:\/\/www.nspbr.sk\/web\/wp-content\/uploads\/2023\/04\/vszp-1024x362.jpg\" alt=\"\" class=\"wp-image-6972\" srcset=\"https:\/\/www.nspbr.sk\/web\/wp-content\/uploads\/2023\/04\/vszp-1024x362.jpg 1024w, https:\/\/www.nspbr.sk\/web\/wp-content\/uploads\/2023\/04\/vszp-300x106.jpg 300w, https:\/\/www.nspbr.sk\/web\/wp-content\/uploads\/2023\/04\/vszp-768x272.jpg 768w, https:\/\/www.nspbr.sk\/web\/wp-content\/uploads\/2023\/04\/vszp.jpg 1280w\" sizes=\"auto, (max-width: 1024px) 100vw, 1024px\" \/><\/figure>\n\n\n\n<figure class=\"wp-block-image size-large is-style-default\"><img loading=\"lazy\" decoding=\"async\" width=\"700\" height=\"394\" data-id=\"1119\" src=\"https:\/\/www.nspbr.sk\/web\/wp-content\/uploads\/2018\/10\/union.jpg\" alt=\"\" class=\"wp-image-1119\" srcset=\"https:\/\/www.nspbr.sk\/web\/wp-content\/uploads\/2018\/10\/union.jpg 700w, https:\/\/www.nspbr.sk\/web\/wp-content\/uploads\/2018\/10\/union-300x169.jpg 300w\" sizes=\"auto, (max-width: 700px) 100vw, 700px\" \/><\/figure>\n\n\n\n<figure class=\"wp-block-image size-large is-style-default\"><img loading=\"lazy\" decoding=\"async\" width=\"471\" height=\"107\" data-id=\"6970\" src=\"https:\/\/www.nspbr.sk\/web\/wp-content\/uploads\/2023\/04\/dovera.png\" alt=\"\" class=\"wp-image-6970\" srcset=\"https:\/\/www.nspbr.sk\/web\/wp-content\/uploads\/2023\/04\/dovera.png 471w, https:\/\/www.nspbr.sk\/web\/wp-content\/uploads\/2023\/04\/dovera-300x68.png 300w\" sizes=\"auto, (max-width: 471px) 100vw, 471px\" \/><\/figure>\n<\/figure>\n","protected":false},"excerpt":{"rendered":"<p>Klinick\u00fd psychol\u00f3g: Mgr. Jana Messerschmidtov\u00e1, PhDr. Renata Melicher\u00edkov\u00e1Telef\u00f3n: 048\/ 2820 370, objedn\u00e1vanie 048\/2820 110 Pozn: Inform\u00e1cie\/recepcia pre ambulancie 048\/2820 110 je dostupn\u00e1 v be\u017enom pracovnom \u010dase od 7:00 do 15:00. Pre\u010d\u00edtajte si viac o elektronickom objednan\u00ed Miesto: pr\u00edzemie detskej \u010dasti polikliniky Ordina\u010dn\u00e9 hodiny: &nbsp; predpoludn\u00edm prest\u00e1vka popoludn\u00ed Pondelok 7:30 &#8211; 12:00 12:00 &#8211; 12:30 12:30 [&hellip;]<\/p>\n","protected":false},"author":1,"featured_media":0,"parent":6,"menu_order":0,"comment_status":"closed","ping_status":"closed","template":"","meta":{"_monsterinsights_skip_tracking":false,"_monsterinsights_sitenote_active":false,"_monsterinsights_sitenote_note":"","_monsterinsights_sitenote_category":0,"footnotes":""},"class_list":["post-199","page","type-page","status-publish","hentry"],"_links":{"self":[{"href":"https:\/\/www.nspbr.sk\/web\/wp-json\/wp\/v2\/pages\/199","targetHints":{"allow":["GET"]}}],"collection":[{"href":"https:\/\/www.nspbr.sk\/web\/wp-json\/wp\/v2\/pages"}],"about":[{"href":"https:\/\/www.nspbr.sk\/web\/wp-json\/wp\/v2\/types\/page"}],"author":[{"embeddable":true,"href":"https:\/\/www.nspbr.sk\/web\/wp-json\/wp\/v2\/users\/1"}],"replies":[{"embeddable":true,"href":"https:\/\/www.nspbr.sk\/web\/wp-json\/wp\/v2\/comments?post=199"}],"version-history":[{"count":6,"href":"https:\/\/www.nspbr.sk\/web\/wp-json\/wp\/v2\/pages\/199\/revisions"}],"predecessor-version":[{"id":8615,"href":"https:\/\/www.nspbr.sk\/web\/wp-json\/wp\/v2\/pages\/199\/revisions\/8615"}],"up":[{"embeddable":true,"href":"https:\/\/www.nspbr.sk\/web\/wp-json\/wp\/v2\/pages\/6"}],"wp:attachment":[{"href":"https:\/\/www.nspbr.sk\/web\/wp-json\/wp\/v2\/media?parent=199"}],"curies":[{"name":"wp","href":"https:\/\/api.w.org\/{rel}","templated":true}]}}